{"id":11101,"date":"2023-10-17T12:03:24","date_gmt":"2023-10-17T12:03:24","guid":{"rendered":"https:\/\/almadevelopment.pt\/notre-equipe-jose-torres\/"},"modified":"2026-03-02T14:29:28","modified_gmt":"2026-03-02T14:29:28","slug":"notre-equipe-jose-torres","status":"publish","type":"page","link":"https:\/\/almadevelopment.pt\/fr\/notre-equipe-jose-torres\/","title":{"rendered":"Notre \u00e9quipe &#8211; Jos\u00e9 Torres"},"content":{"rendered":"\t\t<div data-elementor-type=\"wp-page\" data-elementor-id=\"11101\" class=\"elementor elementor-11101 elementor-10938\" data-elementor-post-type=\"page\">\n\t\t\t\t\t\t\t\t\t<section class=\"elementor-section elementor-top-section elementor-element elementor-element-a2ae01c elementor-section-boxed elementor-section-height-default elementor-section-height-default\" data-id=\"a2ae01c\" data-element_type=\"section\">\n\t\t\t\t\t\t\t<div class=\"elementor-background-overlay\"><\/div>\n\t\t\t\t\t\t\t<div class=\"elementor-container elementor-column-gap-default\">\n\t\t\t\t\t<div class=\"elementor-column elementor-col-33 elementor-top-column elementor-element elementor-element-d328cdb\" data-id=\"d328cdb\" data-element_type=\"column\">\n\t\t\t<div class=\"elementor-widget-wrap elementor-element-populated\">\n\t\t\t\t\t\t\t\t<div class=\"elementor-element elementor-element-02ba1ae elementor-widget__width-auto elementor-widget elementor-widget-ld_button\" data-id=\"02ba1ae\" data-element_type=\"widget\" data-widget_type=\"ld_button.default\">\n\t\t\t\t<div class=\"elementor-widget-container\">\n\t\t\t\n\t\t<a  href=\"https:\/\/almadevelopment.pt\/fr\/a-propos-de-nous\/\" class=\"elementor-button btn align-items-center justify-content-center pos-rel overflow-hidden ws-nowrap btn-naked btn-icon-left btn-icon-bordered btn-has-label\" rel=\"nofollow\" >\n\t\t\t\t\t\t\t<span class=\"btn-txt d-block pos-rel z-index-3\"  data-text=\"Retour\" >\n\t\t\t\t\t\t\t\t\t\t\tRetour\t\t\t\t\t\t\t\t\t<\/span>\n\t\t\t\t\t\t\t\t\t\t\t<span class=\"btn-icon pos-rel z-index-3\">\n\t\t\t\t\t\t<i aria-hidden=\"true\" class=\"fas fa-arrow-left\"><\/i>\t\t\t\t\t<\/span>\n\t\t\t\t\t\t\t<\/a>\n\n\t\t\t\t<\/div>\n\t\t\t\t<\/div>\n\t\t\t\t\t<\/div>\n\t\t<\/div>\n\t\t\t\t<div class=\"elementor-column elementor-col-33 elementor-top-column elementor-element elementor-element-c24302a\" data-id=\"c24302a\" data-element_type=\"column\">\n\t\t\t<div class=\"elementor-widget-wrap\">\n\t\t\t\t\t\t\t\t\t<\/div>\n\t\t<\/div>\n\t\t\t\t<div class=\"elementor-column elementor-col-33 elementor-top-column elementor-element elementor-element-f3f2fe5\" data-id=\"f3f2fe5\" data-element_type=\"column\">\n\t\t\t<div class=\"elementor-widget-wrap\">\n\t\t\t\t\t\t\t\t\t<\/div>\n\t\t<\/div>\n\t\t\t\t\t\t\t<\/div>\n\t\t<\/section>\n\t\t\t\t<section class=\"elementor-section elementor-top-section elementor-element elementor-element-a877737 elementor-section-boxed elementor-section-height-default elementor-section-height-default\" data-id=\"a877737\" data-element_type=\"section\">\n\t\t\t\t\t\t<div class=\"elementor-container elementor-column-gap-extended\">\n\t\t\t\t\t<div class=\"elementor-column elementor-col-50 elementor-top-column elementor-element elementor-element-37489ea\" data-id=\"37489ea\" data-element_type=\"column\">\n\t\t\t<div class=\"elementor-widget-wrap elementor-element-populated\">\n\t\t\t\t\t\t\t\t<div class=\"elementor-element elementor-element-881a362 elementor-widget elementor-widget-ld_fancy_image\" data-id=\"881a362\" data-element_type=\"widget\" data-widget_type=\"ld_fancy_image.default\">\n\t\t\t\t<div class=\"elementor-widget-container\">\n\t\t\t\n\t\t\t<div class=\"lqd-imggrp-single d-inline-flex pos-rel align-items-center justify-content-center\"   >\n\n\t\t\t\t\n\t\t\t\t<div class=\"lqd-imggrp-img-container pos-rel\" >\n\n\t\t\t\t\t<figure\n\t\t\t\t\t\tclass=\"w-100 pos-rel\"\n\t\t\t\t\t\t\t\t\t\t\t\t\t\t\t\t\t>\n\t\t\t\t\t\t<img fetchpriority=\"high\" decoding=\"async\" width=\"640\" height=\"750\" src=\"https:\/\/almadevelopment.pt\/wp-content\/uploads\/2026\/03\/Jose-Torres-ALMA-Development-640x750_1.jpg\" class=\"attachment-full size-full wp-image-17822\" alt=\"\" srcset=\"https:\/\/almadevelopment.pt\/wp-content\/uploads\/2026\/03\/Jose-Torres-ALMA-Development-640x750_1.jpg 640w, https:\/\/almadevelopment.pt\/wp-content\/uploads\/2026\/03\/Jose-Torres-ALMA-Development-640x750_1-256x300.jpg 256w\" sizes=\"(max-width: 640px) 100vw, 640px\" \/>\t\t\t\t\t\t\t\t\t\t\t\t\t\t\t\t\t\t\t\t\t\t\t\t\t\t\t\t\t\t\t\t\t\t\t\t\t\t\t\t\t\t\t\t\t\t\t<\/figure>\n\n\t\t\t\t<\/div>\n\t\t\t<\/div>\n\n\t\t\t\t<\/div>\n\t\t\t\t<\/div>\n\t\t\t\t<div class=\"elementor-element elementor-element-07f108a elementor-widget elementor-widget-hub_fancy_heading\" data-id=\"07f108a\" data-element_type=\"widget\" data-widget_type=\"hub_fancy_heading.default\">\n\t\t\t\t<div class=\"elementor-widget-container\">\n\t\t\t\n\t\t<div id=\"ld-fancy-heading-69f2fc94acf30\" class=\"ld-fancy-heading pos-rel\">\n\t\t\t<h6 class=\"ld-fh-element d-inline-block pos-rel  elementor-heading-title lqd-highlight-classic lqd-highlight-grow-left h6\"  > parcours professionnel :<\/h6>\t\t<\/div>\n\n\t\t\t\t<\/div>\n\t\t\t\t<\/div>\n\t\t\t\t<div class=\"elementor-element elementor-element-e2c84a9 elementor-widget elementor-widget-hub_fancy_heading\" data-id=\"e2c84a9\" data-element_type=\"widget\" data-widget_type=\"hub_fancy_heading.default\">\n\t\t\t\t<div class=\"elementor-widget-container\">\n\t\t\t\n\t\t<div id=\"ld-fancy-heading-69f2fc94ad896\" class=\"ld-fancy-heading pos-rel\">\n\t\t\t<p class=\"ld-fh-element d-inline-block pos-rel  lqd-highlight-classic lqd-highlight-grow-left p\"  > Il a commenc\u00e9 son activit\u00e9 en 2001 \u00e0 Enescoord en tant que chef de projet et superviseur de construction et, en 2005, il s'est install\u00e9 en Espagne o\u00f9 il a exerc\u00e9 les m\u00eames fonctions \u00e0 Construcciones y Obras Cicasa, \u00e0 Santiago de Compostela.<\/p>\t\t<\/div>\n\n\t\t\t\t<\/div>\n\t\t\t\t<\/div>\n\t\t\t\t<div class=\"elementor-element elementor-element-876d628 elementor-widget elementor-widget-hub_fancy_heading\" data-id=\"876d628\" data-element_type=\"widget\" data-widget_type=\"hub_fancy_heading.default\">\n\t\t\t\t<div class=\"elementor-widget-container\">\n\t\t\t\n\t\t<div id=\"ld-fancy-heading-69f2fc94adeaf\" class=\"ld-fancy-heading pos-rel\">\n\t\t\t<p class=\"ld-fh-element d-inline-block pos-rel  lqd-highlight-classic lqd-highlight-grow-left p\"  > En 2008, de retour au Portugal, il rejoint l'\u00e9quipe de SOPSEC en tant que coordinateur de la supervision et en 2014 il embrasse un nouveau d\u00e9fi en Angola, \u00e0 Luanda, dans Solum Transportes e Obras et dans la soci\u00e9t\u00e9 Cripta en tant que directeur du d\u00e9partement d'ing\u00e9nierie.\n\nTout au long de sa carri\u00e8re, qui comprend d'autres entreprises du secteur comme Mercan Properties et qui a particip\u00e9 au d\u00e9veloppement de plusieurs projets h\u00f4teliers, il a eu l'occasion de consolider ses comp\u00e9tences en mati\u00e8re de construction, de r\u00e9habilitation, de construction durable, de gestion et de d\u00e9veloppement de projets.\n<\/p>\t\t<\/div>\n\n\t\t\t\t<\/div>\n\t\t\t\t<\/div>\n\t\t\t\t\t<\/div>\n\t\t<\/div>\n\t\t\t\t<div class=\"lqd-css-sticky-column elementor-column elementor-col-50 elementor-top-column elementor-element elementor-element-14428f1\" style=\"--lqd-sticky-offset:30px\" data-id=\"14428f1\" data-element_type=\"column\">\n\t\t\t<div class=\"elementor-widget-wrap elementor-element-populated\">\n\t\t\t\t\t\t\t\t<section class=\"elementor-section elementor-inner-section elementor-element elementor-element-e364aa2 elementor-section-boxed elementor-section-height-default elementor-section-height-default\" data-id=\"e364aa2\" data-element_type=\"section\" data-settings=\"{&quot;background_background&quot;:&quot;classic&quot;}\">\n\t\t\t\t\t\t<div class=\"elementor-container elementor-column-gap-default\">\n\t\t\t\t\t<div class=\"elementor-column elementor-col-100 elementor-inner-column elementor-element elementor-element-aa37b86\" data-id=\"aa37b86\" data-element_type=\"column\">\n\t\t\t<div class=\"elementor-widget-wrap elementor-element-populated\">\n\t\t\t\t\t\t\t\t<div class=\"elementor-element elementor-element-ab5fc9c elementor-widget elementor-widget-hub_fancy_heading\" data-id=\"ab5fc9c\" data-element_type=\"widget\" data-widget_type=\"hub_fancy_heading.default\">\n\t\t\t\t<div class=\"elementor-widget-container\">\n\t\t\t\n\t\t<div id=\"ld-fancy-heading-69f2fc94aefed\" class=\"ld-fancy-heading pos-rel\">\n\t\t\t<h6 class=\"ld-fh-element d-inline-block pos-rel  elementor-heading-title lqd-highlight-classic lqd-highlight-grow-left h6\"  > chef de projet senior<\/h6>\t\t<\/div>\n\n\t\t\t\t<\/div>\n\t\t\t\t<\/div>\n\t\t\t\t<div class=\"elementor-element elementor-element-b83fdc5 elementor-widget elementor-widget-hub_fancy_heading\" data-id=\"b83fdc5\" data-element_type=\"widget\" data-widget_type=\"hub_fancy_heading.default\">\n\t\t\t\t<div class=\"elementor-widget-container\">\n\t\t\t\n\t\t<div id=\"ld-fancy-heading-69f2fc94af7c2\" class=\"ld-fancy-heading pos-rel\">\n\t\t\t<h2 class=\"ld-fh-element d-inline-block pos-rel  elementor-heading-title lqd-highlight-classic lqd-highlight-grow-left h2\"  > Jos\u00e9 Torres<\/h2>\t\t<\/div>\n\n\t\t\t\t<\/div>\n\t\t\t\t<\/div>\n\t\t\t\t<div class=\"elementor-element elementor-element-0818604 elementor-widget elementor-widget-hub_fancy_heading\" data-id=\"0818604\" data-element_type=\"widget\" data-widget_type=\"hub_fancy_heading.default\">\n\t\t\t\t<div class=\"elementor-widget-container\">\n\t\t\t\n\t\t<div id=\"ld-fancy-heading-69f2fc94afef5\" class=\"ld-fancy-heading pos-rel\">\n\t\t\t<p class=\"ld-fh-element d-inline-block pos-rel  lqd-highlight-classic lqd-highlight-grow-left p\"  > Titulaire d'un dipl\u00f4me d'ing\u00e9nieur civil en gestion de la construction de l'Instituto Superior de Engenharia do Porto, d'un MBA de l'Universit\u00e9 Fernando Pessoa, d'un dipl\u00f4me d'\u00e9tudes sup\u00e9rieures en construction et r\u00e9habilitation durables de l'Universit\u00e9 de Minho et d'un dipl\u00f4me d'\u00e9tudes sup\u00e9rieures en gestion immobili\u00e8re de la Porto Business School.<\/p>\t\t<\/div>\n\n\t\t\t\t<\/div>\n\t\t\t\t<\/div>\n\t\t\t\t\t<\/div>\n\t\t<\/div>\n\t\t\t\t\t\t\t<\/div>\n\t\t<\/section>\n\t\t\t\t\t<\/div>\n\t\t<\/div>\n\t\t\t\t\t\t\t<\/div>\n\t\t<\/section>\n\t\t\t\t\t\t\t<\/div>\n\t\t","protected":false},"excerpt":{"rendered":"<p>Retour parcours professionnel : Il a commenc\u00e9 son activit\u00e9 en 2001 \u00e0 Enescoord en tant que chef de projet et superviseur de construction et, en 2005, il s&#8217;est install\u00e9 en Espagne o\u00f9 il a exerc\u00e9 les m\u00eames fonctions \u00e0 Construcciones y Obras Cicasa, \u00e0 Santiago de Compostela. En 2008, de retour au Portugal, il rejoint [&hellip;]<\/p>\n","protected":false},"author":1,"featured_media":0,"parent":0,"menu_order":0,"comment_status":"closed","ping_status":"closed","template":"","meta":{"footnotes":""},"class_list":["post-11101","page","type-page","status-publish","hentry"],"yoast_head":"<!-- This site is optimized with the Yoast SEO plugin v27.3 - https:\/\/yoast.com\/product\/yoast-seo-wordpress\/ -->\n<title>Notre \u00e9quipe - Jos\u00e9 Torres - ALMA Development<\/title>\n<meta name=\"robots\" content=\"index, follow, max-snippet:-1, max-image-preview:large, max-video-preview:-1\" \/>\n<link rel=\"canonical\" href=\"https:\/\/almadevelopment.pt\/fr\/notre-equipe-jose-torres\/\" \/>\n<meta property=\"og:locale\" content=\"fr_FR\" \/>\n<meta property=\"og:type\" content=\"article\" \/>\n<meta property=\"og:title\" content=\"Notre \u00e9quipe - Jos\u00e9 Torres - ALMA Development\" \/>\n<meta property=\"og:description\" content=\"Retour parcours professionnel : Il a commenc\u00e9 son activit\u00e9 en 2001 \u00e0 Enescoord en tant que chef de projet et superviseur de construction et, en 2005, il s&#8217;est install\u00e9 en Espagne o\u00f9 il a exerc\u00e9 les m\u00eames fonctions \u00e0 Construcciones y Obras Cicasa, \u00e0 Santiago de Compostela. En 2008, de retour au Portugal, il rejoint [&hellip;]\" \/>\n<meta property=\"og:url\" content=\"https:\/\/almadevelopment.pt\/fr\/notre-equipe-jose-torres\/\" \/>\n<meta property=\"og:site_name\" content=\"ALMA Development\" \/>\n<meta property=\"article:publisher\" content=\"https:\/\/www.facebook.com\/profile.php?id=100092714824982\" \/>\n<meta property=\"article:modified_time\" content=\"2026-03-02T14:29:28+00:00\" \/>\n<meta property=\"og:image\" content=\"https:\/\/almadevelopment.pt\/wp-content\/uploads\/2026\/03\/Jose-Torres-ALMA-Development-640x750_1.jpg\" \/>\n\t<meta property=\"og:image:width\" content=\"640\" \/>\n\t<meta property=\"og:image:height\" content=\"750\" \/>\n\t<meta property=\"og:image:type\" content=\"image\/jpeg\" \/>\n<meta name=\"twitter:card\" content=\"summary_large_image\" \/>\n<script type=\"application\/ld+json\" class=\"yoast-schema-graph\">{\"@context\":\"https:\\\/\\\/schema.org\",\"@graph\":[{\"@type\":\"WebPage\",\"@id\":\"https:\\\/\\\/almadevelopment.pt\\\/fr\\\/notre-equipe-jose-torres\\\/\",\"url\":\"https:\\\/\\\/almadevelopment.pt\\\/fr\\\/notre-equipe-jose-torres\\\/\",\"name\":\"Notre \u00e9quipe - Jos\u00e9 Torres - ALMA Development\",\"isPartOf\":{\"@id\":\"https:\\\/\\\/almadevelopment.pt\\\/fr\\\/#website\"},\"primaryImageOfPage\":{\"@id\":\"https:\\\/\\\/almadevelopment.pt\\\/fr\\\/notre-equipe-jose-torres\\\/#primaryimage\"},\"image\":{\"@id\":\"https:\\\/\\\/almadevelopment.pt\\\/fr\\\/notre-equipe-jose-torres\\\/#primaryimage\"},\"thumbnailUrl\":\"https:\\\/\\\/almadevelopment.pt\\\/wp-content\\\/uploads\\\/2026\\\/03\\\/Jose-Torres-ALMA-Development-640x750_1.jpg\",\"datePublished\":\"2023-10-17T12:03:24+00:00\",\"dateModified\":\"2026-03-02T14:29:28+00:00\",\"breadcrumb\":{\"@id\":\"https:\\\/\\\/almadevelopment.pt\\\/fr\\\/notre-equipe-jose-torres\\\/#breadcrumb\"},\"inLanguage\":\"fr-FR\",\"potentialAction\":[{\"@type\":\"ReadAction\",\"target\":[\"https:\\\/\\\/almadevelopment.pt\\\/fr\\\/notre-equipe-jose-torres\\\/\"]}]},{\"@type\":\"ImageObject\",\"inLanguage\":\"fr-FR\",\"@id\":\"https:\\\/\\\/almadevelopment.pt\\\/fr\\\/notre-equipe-jose-torres\\\/#primaryimage\",\"url\":\"https:\\\/\\\/almadevelopment.pt\\\/wp-content\\\/uploads\\\/2026\\\/03\\\/Jose-Torres-ALMA-Development-640x750_1.jpg\",\"contentUrl\":\"https:\\\/\\\/almadevelopment.pt\\\/wp-content\\\/uploads\\\/2026\\\/03\\\/Jose-Torres-ALMA-Development-640x750_1.jpg\"},{\"@type\":\"BreadcrumbList\",\"@id\":\"https:\\\/\\\/almadevelopment.pt\\\/fr\\\/notre-equipe-jose-torres\\\/#breadcrumb\",\"itemListElement\":[{\"@type\":\"ListItem\",\"position\":1,\"name\":\"Home\",\"item\":\"https:\\\/\\\/almadevelopment.pt\\\/fr\\\/\"},{\"@type\":\"ListItem\",\"position\":2,\"name\":\"Notre \u00e9quipe &#8211; Jos\u00e9 Torres\"}]},{\"@type\":\"WebSite\",\"@id\":\"https:\\\/\\\/almadevelopment.pt\\\/fr\\\/#website\",\"url\":\"https:\\\/\\\/almadevelopment.pt\\\/fr\\\/\",\"name\":\"ALMA Development\",\"description\":\"Real State of Mind\",\"publisher\":{\"@id\":\"https:\\\/\\\/almadevelopment.pt\\\/fr\\\/#organization\"},\"potentialAction\":[{\"@type\":\"SearchAction\",\"target\":{\"@type\":\"EntryPoint\",\"urlTemplate\":\"https:\\\/\\\/almadevelopment.pt\\\/fr\\\/?s={search_term_string}\"},\"query-input\":{\"@type\":\"PropertyValueSpecification\",\"valueRequired\":true,\"valueName\":\"search_term_string\"}}],\"inLanguage\":\"fr-FR\"},{\"@type\":\"Organization\",\"@id\":\"https:\\\/\\\/almadevelopment.pt\\\/fr\\\/#organization\",\"name\":\"ALMA Development\",\"alternateName\":\"ALMA\",\"url\":\"https:\\\/\\\/almadevelopment.pt\\\/fr\\\/\",\"logo\":{\"@type\":\"ImageObject\",\"inLanguage\":\"fr-FR\",\"@id\":\"https:\\\/\\\/almadevelopment.pt\\\/fr\\\/#\\\/schema\\\/logo\\\/image\\\/\",\"url\":\"https:\\\/\\\/almadevelopment.pt\\\/wp-content\\\/uploads\\\/2022\\\/03\\\/Logo-ALMA-azul-150-na\u0303o-responsive-04.svg\",\"contentUrl\":\"https:\\\/\\\/almadevelopment.pt\\\/wp-content\\\/uploads\\\/2022\\\/03\\\/Logo-ALMA-azul-150-na\u0303o-responsive-04.svg\",\"width\":150,\"height\":75,\"caption\":\"ALMA Development\"},\"image\":{\"@id\":\"https:\\\/\\\/almadevelopment.pt\\\/fr\\\/#\\\/schema\\\/logo\\\/image\\\/\"},\"sameAs\":[\"https:\\\/\\\/www.facebook.com\\\/profile.php?id=100092714824982\",\"https:\\\/\\\/www.linkedin.com\\\/company\\\/alma-development-panhard-international\",\"https:\\\/\\\/www.instagram.com\\\/alma.development\\\/\"]}]}<\/script>\n<!-- \/ Yoast SEO plugin. -->","yoast_head_json":{"title":"Notre \u00e9quipe - Jos\u00e9 Torres - ALMA Development","robots":{"index":"index","follow":"follow","max-snippet":"max-snippet:-1","max-image-preview":"max-image-preview:large","max-video-preview":"max-video-preview:-1"},"canonical":"https:\/\/almadevelopment.pt\/fr\/notre-equipe-jose-torres\/","og_locale":"fr_FR","og_type":"article","og_title":"Notre \u00e9quipe - Jos\u00e9 Torres - ALMA Development","og_description":"Retour parcours professionnel : Il a commenc\u00e9 son activit\u00e9 en 2001 \u00e0 Enescoord en tant que chef de projet et superviseur de construction et, en 2005, il s&#8217;est install\u00e9 en Espagne o\u00f9 il a exerc\u00e9 les m\u00eames fonctions \u00e0 Construcciones y Obras Cicasa, \u00e0 Santiago de Compostela. En 2008, de retour au Portugal, il rejoint [&hellip;]","og_url":"https:\/\/almadevelopment.pt\/fr\/notre-equipe-jose-torres\/","og_site_name":"ALMA Development","article_publisher":"https:\/\/www.facebook.com\/profile.php?id=100092714824982","article_modified_time":"2026-03-02T14:29:28+00:00","og_image":[{"width":640,"height":750,"url":"https:\/\/almadevelopment.pt\/wp-content\/uploads\/2026\/03\/Jose-Torres-ALMA-Development-640x750_1.jpg","type":"image\/jpeg"}],"twitter_card":"summary_large_image","schema":{"@context":"https:\/\/schema.org","@graph":[{"@type":"WebPage","@id":"https:\/\/almadevelopment.pt\/fr\/notre-equipe-jose-torres\/","url":"https:\/\/almadevelopment.pt\/fr\/notre-equipe-jose-torres\/","name":"Notre \u00e9quipe - Jos\u00e9 Torres - ALMA Development","isPartOf":{"@id":"https:\/\/almadevelopment.pt\/fr\/#website"},"primaryImageOfPage":{"@id":"https:\/\/almadevelopment.pt\/fr\/notre-equipe-jose-torres\/#primaryimage"},"image":{"@id":"https:\/\/almadevelopment.pt\/fr\/notre-equipe-jose-torres\/#primaryimage"},"thumbnailUrl":"https:\/\/almadevelopment.pt\/wp-content\/uploads\/2026\/03\/Jose-Torres-ALMA-Development-640x750_1.jpg","datePublished":"2023-10-17T12:03:24+00:00","dateModified":"2026-03-02T14:29:28+00:00","breadcrumb":{"@id":"https:\/\/almadevelopment.pt\/fr\/notre-equipe-jose-torres\/#breadcrumb"},"inLanguage":"fr-FR","potentialAction":[{"@type":"ReadAction","target":["https:\/\/almadevelopment.pt\/fr\/notre-equipe-jose-torres\/"]}]},{"@type":"ImageObject","inLanguage":"fr-FR","@id":"https:\/\/almadevelopment.pt\/fr\/notre-equipe-jose-torres\/#primaryimage","url":"https:\/\/almadevelopment.pt\/wp-content\/uploads\/2026\/03\/Jose-Torres-ALMA-Development-640x750_1.jpg","contentUrl":"https:\/\/almadevelopment.pt\/wp-content\/uploads\/2026\/03\/Jose-Torres-ALMA-Development-640x750_1.jpg"},{"@type":"BreadcrumbList","@id":"https:\/\/almadevelopment.pt\/fr\/notre-equipe-jose-torres\/#breadcrumb","itemListElement":[{"@type":"ListItem","position":1,"name":"Home","item":"https:\/\/almadevelopment.pt\/fr\/"},{"@type":"ListItem","position":2,"name":"Notre \u00e9quipe &#8211; Jos\u00e9 Torres"}]},{"@type":"WebSite","@id":"https:\/\/almadevelopment.pt\/fr\/#website","url":"https:\/\/almadevelopment.pt\/fr\/","name":"ALMA Development","description":"Real State of Mind","publisher":{"@id":"https:\/\/almadevelopment.pt\/fr\/#organization"},"potentialAction":[{"@type":"SearchAction","target":{"@type":"EntryPoint","urlTemplate":"https:\/\/almadevelopment.pt\/fr\/?s={search_term_string}"},"query-input":{"@type":"PropertyValueSpecification","valueRequired":true,"valueName":"search_term_string"}}],"inLanguage":"fr-FR"},{"@type":"Organization","@id":"https:\/\/almadevelopment.pt\/fr\/#organization","name":"ALMA Development","alternateName":"ALMA","url":"https:\/\/almadevelopment.pt\/fr\/","logo":{"@type":"ImageObject","inLanguage":"fr-FR","@id":"https:\/\/almadevelopment.pt\/fr\/#\/schema\/logo\/image\/","url":"https:\/\/almadevelopment.pt\/wp-content\/uploads\/2022\/03\/Logo-ALMA-azul-150-na\u0303o-responsive-04.svg","contentUrl":"https:\/\/almadevelopment.pt\/wp-content\/uploads\/2022\/03\/Logo-ALMA-azul-150-na\u0303o-responsive-04.svg","width":150,"height":75,"caption":"ALMA Development"},"image":{"@id":"https:\/\/almadevelopment.pt\/fr\/#\/schema\/logo\/image\/"},"sameAs":["https:\/\/www.facebook.com\/profile.php?id=100092714824982","https:\/\/www.linkedin.com\/company\/alma-development-panhard-international","https:\/\/www.instagram.com\/alma.development\/"]}]}},"_links":{"self":[{"href":"https:\/\/almadevelopment.pt\/fr\/wp-json\/wp\/v2\/pages\/11101","targetHints":{"allow":["GET"]}}],"collection":[{"href":"https:\/\/almadevelopment.pt\/fr\/wp-json\/wp\/v2\/pages"}],"about":[{"href":"https:\/\/almadevelopment.pt\/fr\/wp-json\/wp\/v2\/types\/page"}],"author":[{"embeddable":true,"href":"https:\/\/almadevelopment.pt\/fr\/wp-json\/wp\/v2\/users\/1"}],"replies":[{"embeddable":true,"href":"https:\/\/almadevelopment.pt\/fr\/wp-json\/wp\/v2\/comments?post=11101"}],"version-history":[{"count":15,"href":"https:\/\/almadevelopment.pt\/fr\/wp-json\/wp\/v2\/pages\/11101\/revisions"}],"predecessor-version":[{"id":17829,"href":"https:\/\/almadevelopment.pt\/fr\/wp-json\/wp\/v2\/pages\/11101\/revisions\/17829"}],"wp:attachment":[{"href":"https:\/\/almadevelopment.pt\/fr\/wp-json\/wp\/v2\/media?parent=11101"}],"curies":[{"name":"wp","href":"https:\/\/api.w.org\/{rel}","templated":true}]}}